{"id":6,"date":"2025-06-16T11:52:18","date_gmt":"2025-06-16T09:52:18","guid":{"rendered":"http:\/\/iesa.sapikdesign.com\/mcdoa2\/francesca\/?page_id=6"},"modified":"2025-07-08T17:24:18","modified_gmt":"2025-07-08T15:24:18","slug":"accueil","status":"publish","type":"page","link":"https:\/\/iesa.sapikdesign.com\/mcdoa2\/francesca\/","title":{"rendered":"Accueil"},"content":{"rendered":"\t\t<div data-elementor-type=\"wp-page\" data-elementor-id=\"6\" class=\"elementor elementor-6\">\n\t\t\t\t<div class=\"elementor-element elementor-element-38d5f79 e-flex e-con-boxed e-con e-parent\" data-id=\"38d5f79\" data-element_type=\"container\">\n\t\t\t\t\t<div class=\"e-con-inner\">\n\t\t\t\t<div class=\"elementor-element elementor-element-ac60a0d elementor-widget elementor-widget-spacer\" data-id=\"ac60a0d\" data-element_type=\"widget\" data-widget_type=\"spacer.default\">\n\t\t\t\t<div class=\"elementor-widget-container\">\n\t\t\t\t\t\t\t<div class=\"elementor-spacer\">\n\t\t\t<div class=\"elementor-spacer-inner\"><\/div>\n\t\t<\/div>\n\t\t\t\t\t\t<\/div>\n\t\t\t\t<\/div>\n\t\t\t\t<div class=\"elementor-element elementor-element-7951c9b elementor-invisible elementor-widget elementor-widget-heading\" data-id=\"7951c9b\" data-element_type=\"widget\" data-settings=\"{&quot;_animation&quot;:&quot;zoomIn&quot;}\" data-widget_type=\"heading.default\">\n\t\t\t\t<div class=\"elementor-widget-container\">\n\t\t\t\t\t<h2 class=\"elementor-heading-title elementor-size-default\">Art. <br><br>\n\u00e9cologie.<br><br>\nF\u00e9minismes.<\/h2>\t\t\t\t<\/div>\n\t\t\t\t<\/div>\n\t\t\t\t<div class=\"elementor-element elementor-element-224e8ad elementor-widget elementor-widget-spacer\" data-id=\"224e8ad\" data-element_type=\"widget\" data-widget_type=\"spacer.default\">\n\t\t\t\t<div class=\"elementor-widget-container\">\n\t\t\t\t\t\t\t<div class=\"elementor-spacer\">\n\t\t\t<div class=\"elementor-spacer-inner\"><\/div>\n\t\t<\/div>\n\t\t\t\t\t\t<\/div>\n\t\t\t\t<\/div>\n\t\t\t\t\t<\/div>\n\t\t\t\t<\/div>\n\t\t<div class=\"elementor-element elementor-element-8b8eb84 e-flex e-con-boxed e-con e-parent\" data-id=\"8b8eb84\" data-element_type=\"container\">\n\t\t\t\t\t<div class=\"e-con-inner\">\n\t\t<div class=\"elementor-element elementor-element-2ee53b1 e-con-full e-flex e-con e-child\" data-id=\"2ee53b1\" data-element_type=\"container\">\n\t\t\t\t<div class=\"elementor-element elementor-element-2c17e38 elementor-widget elementor-widget-heading\" data-id=\"2c17e38\" data-element_type=\"widget\" data-widget_type=\"heading.default\">\n\t\t\t\t<div class=\"elementor-widget-container\">\n\t\t\t\t\t<h5 class=\"elementor-heading-title elementor-size-default\">Commissariat d'exposition<\/h5>\t\t\t\t<\/div>\n\t\t\t\t<\/div>\n\t\t\t\t<div class=\"elementor-element elementor-element-448e41f elementor-widget elementor-widget-heading\" data-id=\"448e41f\" data-element_type=\"widget\" data-widget_type=\"heading.default\">\n\t\t\t\t<div class=\"elementor-widget-container\">\n\t\t\t\t\t<h3 class=\"elementor-heading-title elementor-size-default\">DERNIERS PROJETS <\/h3>\t\t\t\t<\/div>\n\t\t\t\t<\/div>\n\t\t\t\t<div class=\"elementor-element elementor-element-bc71237 elementor-widget elementor-widget-text-editor\" data-id=\"bc71237\" data-element_type=\"widget\" data-widget_type=\"text-editor.default\">\n\t\t\t\t<div class=\"elementor-widget-container\">\n\t\t\t\t\t\t\t\t\t<p>Commissaire d\u2019exposition ind\u00e9pendante et co-fondatrice de l\u2019association Minerva, je m\u00e8ne diff\u00e9rents projets \u00e0 l\u2019intersection de la cr\u00e9ation contemporaine, des engagements f\u00e9ministes et des enjeux \u00e9cologiques. Mon travail s\u2019articule autour d\u2019expositions, de collaborations curatoriales, d\u2019initiatives \u00e9ditoriales ou encore de recherches sur les formes alternatives de narration.<\/p>\t\t\t\t\t\t\t\t<\/div>\n\t\t\t\t<\/div>\n\t\t\t\t<div class=\"elementor-element elementor-element-e820a6a elementor-align-center elementor-widget elementor-widget-button\" data-id=\"e820a6a\" data-element_type=\"widget\" data-widget_type=\"button.default\">\n\t\t\t\t<div class=\"elementor-widget-container\">\n\t\t\t\t\t\t\t\t\t<div class=\"elementor-button-wrapper\">\n\t\t\t\t\t<a class=\"elementor-button elementor-button-link elementor-size-sm\" href=\"https:\/\/iesa.sapikdesign.com\/mcdoa2\/francesca\/category\/projets\/\">\n\t\t\t\t\t\t<span class=\"elementor-button-content-wrapper\">\n\t\t\t\t\t\t\t\t\t<span class=\"elementor-button-text\">Voir tous les projets<\/span>\n\t\t\t\t\t<\/span>\n\t\t\t\t\t<\/a>\n\t\t\t\t<\/div>\n\t\t\t\t\t\t\t\t<\/div>\n\t\t\t\t<\/div>\n\t\t\t\t<\/div>\n\t\t<div class=\"elementor-element elementor-element-e47cd68 e-con-full e-flex e-con e-child\" data-id=\"e47cd68\" data-element_type=\"container\">\n\t\t\t\t<div class=\"elementor-element elementor-element-81c5cbd premium-blog-align-left elementor-widget elementor-widget-premium-addon-blog\" data-id=\"81c5cbd\" data-element_type=\"widget\" data-settings=\"{&quot;premium_blog_columns_number&quot;:&quot;100%&quot;,&quot;premium_blog_carousel&quot;:&quot;yes&quot;,&quot;premium_blog_carousel_fade&quot;:&quot;yes&quot;,&quot;premium_blog_carousel_play&quot;:&quot;yes&quot;,&quot;premium_blog_carousel_center&quot;:&quot;yes&quot;,&quot;premium_blog_carousel_dots&quot;:&quot;yes&quot;,&quot;premium_blog_grid&quot;:&quot;yes&quot;,&quot;premium_blog_layout&quot;:&quot;even&quot;,&quot;premium_blog_columns_number_tablet&quot;:&quot;50%&quot;,&quot;premium_blog_columns_number_mobile&quot;:&quot;100%&quot;,&quot;premium_blog_carousel_autoplay_speed&quot;:5000,&quot;carousel_speed&quot;:300,&quot;premium_blog_carousel_spacing&quot;:&quot;15&quot;,&quot;premium_blog_carousel_arrows&quot;:&quot;yes&quot;}\" data-widget_type=\"premium-addon-blog.default\">\n\t\t\t\t<div class=\"elementor-widget-container\">\n\t\t\t\t\t\n\t\t\t\t<div class=\"premium-blog-wrap  premium-blog-even premium-carousel-hidden\" data-page=\"6\">\n\t\t\t\t\t<article class=\"premium-blog-post-outer-container\" data-total=\"1\">\r\n\t\t\t<div class=\"premium-blog-post-container premium-blog-skin-banner\">\r\n\t\t\t\t\t\t\t\t\t<div class=\"premium-blog-thumb-effect-wrapper\">\r\n\t\t\t\t\t\t<div class=\"premium-blog-thumbnail-container premium-blog-zoomin-effect\">\r\n\t\t\t\t\t\t\t<img fetchpriority=\"high\" decoding=\"async\" width=\"770\" height=\"578\" src=\"https:\/\/iesa.sapikdesign.com\/mcdoa2\/francesca\/wp-content\/uploads\/2025\/06\/20250606_141819-1024x768.jpg\" class=\"attachment-large size-large wp-image-71\" alt=\"Vue d&#039;exposition\" srcset=\"https:\/\/iesa.sapikdesign.com\/mcdoa2\/francesca\/wp-content\/uploads\/2025\/06\/20250606_141819-1024x768.jpg 1024w, https:\/\/iesa.sapikdesign.com\/mcdoa2\/francesca\/wp-content\/uploads\/2025\/06\/20250606_141819-300x225.jpg 300w, https:\/\/iesa.sapikdesign.com\/mcdoa2\/francesca\/wp-content\/uploads\/2025\/06\/20250606_141819-768x576.jpg 768w, https:\/\/iesa.sapikdesign.com\/mcdoa2\/francesca\/wp-content\/uploads\/2025\/06\/20250606_141819-1536x1152.jpg 1536w, https:\/\/iesa.sapikdesign.com\/mcdoa2\/francesca\/wp-content\/uploads\/2025\/06\/20250606_141819-2048x1536.jpg 2048w, https:\/\/iesa.sapikdesign.com\/mcdoa2\/francesca\/wp-content\/uploads\/2025\/06\/20250606_141819-600x450.jpg 600w\" sizes=\"(max-width: 770px) 100vw, 770px\" \/>\t\t\t\t\t\t<\/div>\r\n\t\t\t\t\t\t\t\t\t\t\t\t\t<div class=\"premium-blog-thumbnail-overlay\">\r\n\t\t\t\t\t\t\t\t<a class=\"elementor-icon\" href=\"https:\/\/iesa.sapikdesign.com\/mcdoa2\/francesca\/intimacy-issues-exposition-personnelle-de-miranda-pranoto\/\" target=\"_self\"><\/a>\r\n\t\t\t\t\t\t\t<\/div>\r\n\r\n\t\t\t\t\t\t\t\t\t\t\t\t\t\t\t\t\t\t<\/div>\r\n\t\t\t\t\t\t\t\t\t\t\t\t<div class=\"premium-blog-content-wrapper \">\r\n\r\n\t\t\t\t\t<div class=\"premium-blog-inner-container\">\r\n\r\n\t\t\t\t\t\t\t\t\t\t\t\t\t\t<h2 class=\"premium-blog-entry-title\">\r\n\t\t\t<a href=\"https:\/\/iesa.sapikdesign.com\/mcdoa2\/francesca\/intimacy-issues-exposition-personnelle-de-miranda-pranoto\/\" target=\"_self\">\r\n\t\t\t\tIntimacy Issues, exposition personnelle de Miranda Pranoto\t\t\t<\/a>\r\n\t\t<\/h2>\r\n\t\t\t\t<div class=\"premium-blog-entry-meta\">\r\n\t\t\t\r\n\t\t\t\r\n\t\t\t\r\n\t\t\t\t\t<\/div>\r\n\t\t\r\n\t\t\t\t\t<\/div>\r\n\r\n\t\t\t\t\t\t\t\t\t\t\r\n\t\t\t\t<\/div>\r\n\t\t\t<\/div>\r\n\t\t<\/article>\r\n\r\n\t\t\t\t<article class=\"premium-blog-post-outer-container\" data-total=\"1\">\r\n\t\t\t<div class=\"premium-blog-post-container premium-blog-skin-banner\">\r\n\t\t\t\t\t\t\t\t\t<div class=\"premium-blog-thumb-effect-wrapper\">\r\n\t\t\t\t\t\t<div class=\"premium-blog-thumbnail-container premium-blog-zoomin-effect\">\r\n\t\t\t\t\t\t\t<img decoding=\"async\" width=\"724\" height=\"1024\" src=\"https:\/\/iesa.sapikdesign.com\/mcdoa2\/francesca\/wp-content\/uploads\/2025\/07\/Galerie-f_Juin-aout-2025-1_page-0001-724x1024.jpg\" class=\"attachment-large size-large wp-image-230\" alt=\"\" srcset=\"https:\/\/iesa.sapikdesign.com\/mcdoa2\/francesca\/wp-content\/uploads\/2025\/07\/Galerie-f_Juin-aout-2025-1_page-0001-724x1024.jpg 724w, https:\/\/iesa.sapikdesign.com\/mcdoa2\/francesca\/wp-content\/uploads\/2025\/07\/Galerie-f_Juin-aout-2025-1_page-0001-212x300.jpg 212w, https:\/\/iesa.sapikdesign.com\/mcdoa2\/francesca\/wp-content\/uploads\/2025\/07\/Galerie-f_Juin-aout-2025-1_page-0001-768x1086.jpg 768w, https:\/\/iesa.sapikdesign.com\/mcdoa2\/francesca\/wp-content\/uploads\/2025\/07\/Galerie-f_Juin-aout-2025-1_page-0001-1086x1536.jpg 1086w, https:\/\/iesa.sapikdesign.com\/mcdoa2\/francesca\/wp-content\/uploads\/2025\/07\/Galerie-f_Juin-aout-2025-1_page-0001-1448x2048.jpg 1448w, https:\/\/iesa.sapikdesign.com\/mcdoa2\/francesca\/wp-content\/uploads\/2025\/07\/Galerie-f_Juin-aout-2025-1_page-0001-600x849.jpg 600w, https:\/\/iesa.sapikdesign.com\/mcdoa2\/francesca\/wp-content\/uploads\/2025\/07\/Galerie-f_Juin-aout-2025-1_page-0001.jpg 1754w\" sizes=\"(max-width: 724px) 100vw, 724px\" \/>\t\t\t\t\t\t<\/div>\r\n\t\t\t\t\t\t\t\t\t\t\t\t\t<div class=\"premium-blog-thumbnail-overlay\">\r\n\t\t\t\t\t\t\t\t<a class=\"elementor-icon\" href=\"https:\/\/iesa.sapikdesign.com\/mcdoa2\/francesca\/du-champ-a-la-toile-le-vivant-se-meut\/\" target=\"_self\"><\/a>\r\n\t\t\t\t\t\t\t<\/div>\r\n\r\n\t\t\t\t\t\t\t\t\t\t\t\t\t\t\t\t\t\t<\/div>\r\n\t\t\t\t\t\t\t\t\t\t\t\t<div class=\"premium-blog-content-wrapper \">\r\n\r\n\t\t\t\t\t<div class=\"premium-blog-inner-container\">\r\n\r\n\t\t\t\t\t\t\t\t\t\t\t\t\t\t<h2 class=\"premium-blog-entry-title\">\r\n\t\t\t<a href=\"https:\/\/iesa.sapikdesign.com\/mcdoa2\/francesca\/du-champ-a-la-toile-le-vivant-se-meut\/\" target=\"_self\">\r\n\t\t\t\tDu champ \u00e0 la toile, le vivant se meut.\t\t\t<\/a>\r\n\t\t<\/h2>\r\n\t\t\t\t<div class=\"premium-blog-entry-meta\">\r\n\t\t\t\r\n\t\t\t\r\n\t\t\t\r\n\t\t\t\t\t<\/div>\r\n\t\t\r\n\t\t\t\t\t<\/div>\r\n\r\n\t\t\t\t\t\t\t\t\t\t\r\n\t\t\t\t<\/div>\r\n\t\t\t<\/div>\r\n\t\t<\/article>\r\n\r\n\t\t\t\t<article class=\"premium-blog-post-outer-container\" data-total=\"1\">\r\n\t\t\t<div class=\"premium-blog-post-container premium-blog-skin-banner\">\r\n\t\t\t\t\t\t\t\t\t<div class=\"premium-blog-thumb-effect-wrapper\">\r\n\t\t\t\t\t\t<div class=\"premium-blog-thumbnail-container premium-blog-zoomin-effect\">\r\n\t\t\t\t\t\t\t<img decoding=\"async\" width=\"724\" height=\"1024\" src=\"https:\/\/iesa.sapikdesign.com\/mcdoa2\/francesca\/wp-content\/uploads\/2025\/07\/Affiche-724x1024.png\" class=\"attachment-large size-large wp-image-290\" alt=\"\" srcset=\"https:\/\/iesa.sapikdesign.com\/mcdoa2\/francesca\/wp-content\/uploads\/2025\/07\/Affiche-724x1024.png 724w, https:\/\/iesa.sapikdesign.com\/mcdoa2\/francesca\/wp-content\/uploads\/2025\/07\/Affiche-212x300.png 212w, https:\/\/iesa.sapikdesign.com\/mcdoa2\/francesca\/wp-content\/uploads\/2025\/07\/Affiche-768x1086.png 768w, https:\/\/iesa.sapikdesign.com\/mcdoa2\/francesca\/wp-content\/uploads\/2025\/07\/Affiche-1086x1536.png 1086w, https:\/\/iesa.sapikdesign.com\/mcdoa2\/francesca\/wp-content\/uploads\/2025\/07\/Affiche-600x849.png 600w, https:\/\/iesa.sapikdesign.com\/mcdoa2\/francesca\/wp-content\/uploads\/2025\/07\/Affiche.png 1414w\" sizes=\"(max-width: 724px) 100vw, 724px\" \/>\t\t\t\t\t\t<\/div>\r\n\t\t\t\t\t\t\t\t\t\t\t\t\t<div class=\"premium-blog-thumbnail-overlay\">\r\n\t\t\t\t\t\t\t\t<a class=\"elementor-icon\" href=\"https:\/\/iesa.sapikdesign.com\/mcdoa2\/francesca\/unique-objet-de-mon-ressentiment\/\" target=\"_self\"><\/a>\r\n\t\t\t\t\t\t\t<\/div>\r\n\r\n\t\t\t\t\t\t\t\t\t\t\t\t\t\t\t\t\t\t<\/div>\r\n\t\t\t\t\t\t\t\t\t\t\t\t<div class=\"premium-blog-content-wrapper \">\r\n\r\n\t\t\t\t\t<div class=\"premium-blog-inner-container\">\r\n\r\n\t\t\t\t\t\t\t\t\t\t\t\t\t\t<h2 class=\"premium-blog-entry-title\">\r\n\t\t\t<a href=\"https:\/\/iesa.sapikdesign.com\/mcdoa2\/francesca\/unique-objet-de-mon-ressentiment\/\" target=\"_self\">\r\n\t\t\t\tUnique Objet de Mon Ressentiment\t\t\t<\/a>\r\n\t\t<\/h2>\r\n\t\t\t\t<div class=\"premium-blog-entry-meta\">\r\n\t\t\t\r\n\t\t\t\r\n\t\t\t\r\n\t\t\t\t\t<\/div>\r\n\t\t\r\n\t\t\t\t\t<\/div>\r\n\r\n\t\t\t\t\t\t\t\t\t\t\r\n\t\t\t\t<\/div>\r\n\t\t\t<\/div>\r\n\t\t<\/article>\r\n\r\n\t\t\t\t<\/div>\n\n\t\t\t\t\t\t<\/div>\n\t\t\t\t<\/div>\n\t\t\t\t<\/div>\n\t\t\t\t\t<\/div>\n\t\t\t\t<\/div>\n\t\t<div class=\"elementor-element elementor-element-8801f7f e-flex e-con-boxed e-con e-parent\" data-id=\"8801f7f\" data-element_type=\"container\">\n\t\t\t\t\t<div class=\"e-con-inner\">\n\t\t\t\t<div class=\"elementor-element elementor-element-f7469d7 elementor-widget-divider--view-line_text elementor-widget-divider--element-align-center elementor-widget elementor-widget-divider\" data-id=\"f7469d7\" data-element_type=\"widget\" data-widget_type=\"divider.default\">\n\t\t\t\t<div class=\"elementor-widget-container\">\n\t\t\t\t\t\t\t<div class=\"elementor-divider\">\n\t\t\t<span class=\"elementor-divider-separator\">\n\t\t\t\t\t\t\t<span class=\"elementor-divider__text elementor-divider__element\">\n\t\t\t\tFrancesca Rozzi\t\t\t\t<\/span>\n\t\t\t\t\t\t<\/span>\n\t\t<\/div>\n\t\t\t\t\t\t<\/div>\n\t\t\t\t<\/div>\n\t\t\t\t<div class=\"elementor-element elementor-element-c263bd1 elementor-widget elementor-widget-heading\" data-id=\"c263bd1\" data-element_type=\"widget\" data-widget_type=\"heading.default\">\n\t\t\t\t<div class=\"elementor-widget-container\">\n\t\t\t\t\t<h5 class=\"elementor-heading-title elementor-size-default\">Commissaire d'exposition<\/h5>\t\t\t\t<\/div>\n\t\t\t\t<\/div>\n\t\t\t\t<div class=\"elementor-element elementor-element-7be7274 elementor-widget elementor-widget-text-editor\" data-id=\"7be7274\" data-element_type=\"widget\" data-widget_type=\"text-editor.default\">\n\t\t\t\t<div class=\"elementor-widget-container\">\n\t\t\t\t\t\t\t\t\t<p>Je suis une commissaire d&rsquo;exposition \u00e9mergente dont la pratique curatoriale explore les enjeux de repr\u00e9sentation du corps, les questions de genre et l\u2019engagement social dans l\u2019art contemporain, avec un int\u00e9r\u00eat particulier pour les probl\u00e9matiques \u00e9cologiques. Mon approche curatoriale est \u00e0 la fois critique et sensible, s\u2019appuyant sur diverses formes artistiques, notamment la photographie et la peinture figurative.<\/p>\t\t\t\t\t\t\t\t<\/div>\n\t\t\t\t<\/div>\n\t\t\t\t<div class=\"elementor-element elementor-element-702338a elementor-align-center elementor-widget elementor-widget-button\" data-id=\"702338a\" data-element_type=\"widget\" data-widget_type=\"button.default\">\n\t\t\t\t<div class=\"elementor-widget-container\">\n\t\t\t\t\t\t\t\t\t<div class=\"elementor-button-wrapper\">\n\t\t\t\t\t<a class=\"elementor-button elementor-button-link elementor-size-sm\" href=\"https:\/\/iesa.sapikdesign.com\/mcdoa2\/francesca\/a-propos\/\">\n\t\t\t\t\t\t<span class=\"elementor-button-content-wrapper\">\n\t\t\t\t\t\t\t\t\t<span class=\"elementor-button-text\">Mon parcours<\/span>\n\t\t\t\t\t<\/span>\n\t\t\t\t\t<\/a>\n\t\t\t\t<\/div>\n\t\t\t\t\t\t\t\t<\/div>\n\t\t\t\t<\/div>\n\t\t\t\t\t<\/div>\n\t\t\t\t<\/div>\n\t\t\t\t<\/div>\n\t\t","protected":false},"excerpt":{"rendered":"<p>Art. \u00e9cologie. F\u00e9minismes. Commissariat d&rsquo;exposition DERNIERS PROJETS Commissaire d\u2019exposition ind\u00e9pendante et co-fondatrice de l\u2019association Minerva, je m\u00e8ne diff\u00e9rents projets \u00e0 l\u2019intersection de la cr\u00e9ation contemporaine, des engagements f\u00e9ministes et des enjeux \u00e9cologiques. Mon travail s\u2019articule autour d\u2019expositions, de collaborations curatoriales, d\u2019initiatives \u00e9ditoriales ou encore de recherches sur les formes alternatives de narration. Voir tous les [&hellip;]<\/p>\n","protected":false},"author":1,"featured_media":0,"parent":0,"menu_order":0,"comment_status":"closed","ping_status":"closed","template":"","meta":{"footnotes":""},"class_list":["post-6","page","type-page","status-publish","hentry"],"aioseo_notices":[],"_links":{"self":[{"href":"https:\/\/iesa.sapikdesign.com\/mcdoa2\/francesca\/wp-json\/wp\/v2\/pages\/6","targetHints":{"allow":["GET"]}}],"collection":[{"href":"https:\/\/iesa.sapikdesign.com\/mcdoa2\/francesca\/wp-json\/wp\/v2\/pages"}],"about":[{"href":"https:\/\/iesa.sapikdesign.com\/mcdoa2\/francesca\/wp-json\/wp\/v2\/types\/page"}],"author":[{"embeddable":true,"href":"https:\/\/iesa.sapikdesign.com\/mcdoa2\/francesca\/wp-json\/wp\/v2\/users\/1"}],"replies":[{"embeddable":true,"href":"https:\/\/iesa.sapikdesign.com\/mcdoa2\/francesca\/wp-json\/wp\/v2\/comments?post=6"}],"version-history":[{"count":71,"href":"https:\/\/iesa.sapikdesign.com\/mcdoa2\/francesca\/wp-json\/wp\/v2\/pages\/6\/revisions"}],"predecessor-version":[{"id":350,"href":"https:\/\/iesa.sapikdesign.com\/mcdoa2\/francesca\/wp-json\/wp\/v2\/pages\/6\/revisions\/350"}],"wp:attachment":[{"href":"https:\/\/iesa.sapikdesign.com\/mcdoa2\/francesca\/wp-json\/wp\/v2\/media?parent=6"}],"curies":[{"name":"wp","href":"https:\/\/api.w.org\/{rel}","templated":true}]}}